{"id":447,"date":"2004-05-29T22:00:00","date_gmt":"2004-05-29T22:00:00","guid":{"rendered":"https:\/\/www.graafschap-middeleeuwen.nl\/wordpress\/?p=447"},"modified":"2023-11-11T12:45:43","modified_gmt":"2023-11-11T11:45:43","slug":"werner-i","status":"publish","type":"page","link":"https:\/\/www.graafschap-middeleeuwen.nl\/wordpress\/werner-i\/","title":{"rendered":"Werner VI van Haspengouw (955-973)"},"content":{"rendered":"\n<h1 class=\"has-text-align-center wp-block-heading\">Graaf van Haspengouw<\/h1>\n\n\n\n<h2 class=\"wp-block-heading\">Een raadselachtig figuur<\/h2>\n\n\n\n<p class=\"wp-block-paragraph\">De in dit hoofdstuk opgevoerde Werner&nbsp;is een raadselachtig figuur. Hij schijnt van voorname afkomst te zijn, maar zijn afkomst is nooit volledig opgeklaard. Op deze website wordt getracht hem in een familaire context te plaatsen. De schaarse literatuur die over hem bestaat, schrijft hem het graafschap Haspengouw (Hasbania) toe.<\/p>\n\n\n\n<div class=\"wp-block-image\"><figure class=\"alignright\"><a href=\"https:\/\/www.graafschap-middeleeuwen.nl\/wordpress\/gouwen-in-het-nederrijnse-gebied\/\"><img fetchpriority=\"high\" decoding=\"async\" width=\"250\" height=\"300\" src=\"https:\/\/www.graafschap-middeleeuwen.nl\/wordpress\/wp-content\/uploads\/2004\/05\/nederland_ix.gif\" alt=\"Het Nederrijnse gebied in de negende eeuw (klik voor een grote kaart).\" class=\"wp-image-446\" title=\"Het Nederrijnse gebied in de negende eeuw (klik voor een grote kaart).\"\/><\/a><\/figure><\/div>\n\n\n\n<p class=\"wp-block-paragraph\"><a id=\"Haspengouw\"><\/a>Haspengouw ligt op de <a href=\"https:\/\/www.graafschap-middeleeuwen.nl\/wordpress\/gouwen-in-het-nederrijnse-gebied\/\">gouwkaart<\/a> ten zuiden van Toxandri\u00eb. In de tiende eeuw wordt de grote karolingische gouw langzamerhand opgedeeld in meerdere graafschappen, waaronder <a id=\"Avernas\"><\/a>Avernas, <a id=\"Condroz\"><\/a>Condroz, <a id=\"Hufte\"><\/a>Hufte, <a id=\"Huy\"><\/a>Huy, <a id=\"Leuven\"><\/a>Leuven en <a id=\"Namen\"><\/a>Namen. In de elfde eeuw zal uit Hufte het graafschap <a id=\"Looz\"><\/a>Looz ontstaan. De rest zal opgaan in het hertogdom Brabant. De oude naam Hasbania wordt tegenwoordig nog teruggevonden in de streeknaam Haspengouw.<br>Werner is voor de website niet van enig belang ontbloot, omdat vermoed wordt dat hij de naamgevende voorvader is van <a href=\"https:\/\/www.graafschap-middeleeuwen.nl\/wordpress\/werner-ii\/\">Werner I van Zuid-Hamaland<\/a> <a href=\"https:\/\/www.graafschap-middeleeuwen.nl\/genealogie\/getperson.php?personID=I4316&amp;tree=DGidME_01\" target=\"_blank\" rel=\"noopener\">\u03a8<\/a>.<\/p>\n\n\n\n<!--more-->\n\n\n\n<h2 class=\"wp-block-heading\">Relatie met Reginaren?<\/h2>\n\n\n\n<p class=\"wp-block-paragraph\">Dit ambtsgebied zou Werner binnen de verwantschap van de <a href=\"https:\/\/www.graafschap-middeleeuwen.nl\/wordpress\/opkomst-en-ondergang-van-hertogdom-lotharingen-1\/#Reginaren\">Reginaren<\/a> plaatsen, want <a href=\"https:\/\/www.graafschap-middeleeuwen.nl\/wordpress\/opkomst-en-ondergang-van-hertogdom-lotharingen-1\/#Reginar-I-Henegouwen-Langhals\">Reginar I &#8216;Langhals&#8217;<\/a> <a href=\"https:\/\/www.graafschap-middeleeuwen.nl\/genealogie\/getperson.php?personID=I2157&amp;tree=DGidME_01\" target=\"_blank\" rel=\"noopener\">\u03a8<\/a> wordt al in de negende eeuw de jurisdictie in dit graafschap toegeschreven. De geschiedenis van de Reginaren in <a href=\"https:\/\/www.graafschap-middeleeuwen.nl\/wordpress\/opkomst-en-ondergang-van-hertogdom-lotharingen-1\/\">hertogdom Lotharingen<\/a> is helaas onoverzichtelijk en er worden nogal eens wat gebieden verloren en gewonnen. Daarnaast is de naam &#8216;Werner&#8217; onbekend onder de nazaten van Reginar I. Werner kan dus niet zo maar een plek binnen deze familie gegeven worden.<br>Persoonlijke gegevens over de mysterieuze Werner zijn ook schaars. Het enige feit dat bekend is, is dat hij in 973 samen met zijn broer <a id=\"Reinald-Henegouwen\"><\/a>Reinald (Reginzo) <a href=\"https:\/\/www.graafschap-middeleeuwen.nl\/genealogie\/getperson.php?personID=I8544&amp;tree=DGidME_01\" target=\"_blank\" rel=\"noopener\">\u03a8<\/a>&nbsp;sneuvelt in P\u00e9ronne (Henegouwen) in een schermutseling met <a href=\"https:\/\/www.graafschap-middeleeuwen.nl\/wordpress\/opkomst-en-ondergang-van-hertogdom-lotharingen-4\/#Reginar-IV-Henegouwen\">Reginar IV van Henegouwen<\/a> <a href=\"https:\/\/www.graafschap-middeleeuwen.nl\/genealogie\/getperson.php?personID=I2225&amp;tree=DGidME_01\" target=\"_blank\" rel=\"noopener\">\u03a8<\/a> en <a href=\"https:\/\/www.graafschap-middeleeuwen.nl\/wordpress\/opkomst-en-ondergang-van-hertogdom-lotharingen-4\/#Lambert-I-Leuven-Baard\">Lambert I van Leuven<\/a>&nbsp;<a href=\"https:\/\/www.graafschap-middeleeuwen.nl\/genealogie\/getperson.php?personID=I3&amp;tree=DGidME_01\" target=\"_blank\" rel=\"noopener\">\u03a8<\/a>. Zij zijn daarmee de eerste slachtoffers van de dadendrang van de Reginaren die tijdens het <a href=\"https:\/\/www.graafschap-middeleeuwen.nl\/wordpress\/opkomst-en-ondergang-van-hertogdom-neder-lotharingen-1\/#Machtsvacuum\">machtsvacu\u00fcm<\/a> een terugkeer in Lotharingen proberen af te dwingen. Een argument te meer om Werner niet in de familie der Reginaren te plaatsen. Een ander scenario ligt meer voor de hand.<\/p>\n\n\n\n<h2 class=\"wp-block-heading\">Andere graven in de Haspengouw<\/h2>\n\n\n\n<p class=\"wp-block-paragraph\">In 946 wordt een zekere Rudolf als graaf in de Haspengouw genoemd, in 982 een&nbsp;Erenfried&nbsp;en daarna in 1016 een&nbsp;Arnulf.&nbsp;Tussen Rudolf en Erenfried is plaats genoeg voor een Werner.<br><a id=\"Rudolf-Haspengouw\"><\/a><a href=\"https:\/\/www.graafschap-middeleeuwen.nl\/wordpress\/immed-ii\/#Rudolf-Betuwe\">Rudolf <\/a><a href=\"https:\/\/www.graafschap-middeleeuwen.nl\/genealogie\/getperson.php?personID=I2120&amp;tree=DGidME_01\" target=\"_blank\" rel=\"noopener\">\u03a8<\/a>&nbsp;is naar alle waarschijnlijkheid een zoon van <a href=\"https:\/\/www.graafschap-middeleeuwen.nl\/wordpress\/opkomst-en-ondergang-van-hertogdom-lotharingen-2\/#Reginar-II-Henegouwen\">Reginar II<\/a>&nbsp;<a href=\"https:\/\/www.graafschap-middeleeuwen.nl\/genealogie\/getperson.php?personID=I3523&amp;tree=DGidME_01\" target=\"_blank\" rel=\"noopener\">\u03a8<\/a>. Rudolf wordt na de <a href=\"https:\/\/www.graafschap-middeleeuwen.nl\/wordpress\/opkomst-en-ondergang-van-hertogdom-lotharingen-4\/#Opstand-957\">opstand in 957<\/a> uit Lotharingen verbannen. Te verwachten is dat de grafelijke positie in Haspengouw vrij valt en dat de vacature door Werner wordt ingevuld.<\/p>\n\n\n\n<p class=\"wp-block-paragraph\">De opvolger van Werner is dan Erenfried. Erenfried wordt vaak vereenzelvigd met <a href=\"https:\/\/www.graafschap-middeleeuwen.nl\/wordpress\/liudolf\/#Erenfried-III-Palts-Rijn\">Erenfried III<\/a>, bijgenaamd Ezzo, de fameuze paltsgraaf aan de Rijn. Een identificatie met een familielid van Rudolf ligt meer voor de hand. Bijvoorbeeld \u00e9\u00e9n van de gelijknamige graven uit het <a href=\"https:\/\/www.graafschap-middeleeuwen.nl\/wordpress\/immed-ii\/#Eerste-Kleefse-Gravenhuis\">eerste Kleefse gravenhuis<\/a>:\u00a0<a href=\"https:\/\/www.graafschap-middeleeuwen.nl\/wordpress\/immed-ii\/\">Immed II<\/a>\u00a0<a href=\"https:\/\/www.graafschap-middeleeuwen.nl\/genealogie\/getperson.php?personID=I777&amp;tree=DGidME_01\" target=\"_blank\" rel=\"noopener\">\u03a8<\/a>, een neef van Rudolf. Na het overlijden van Immed II en de minderjarigheid van diens zoon <a href=\"https:\/\/www.graafschap-middeleeuwen.nl\/wordpress\/immed-ii\/#Diederik-I-Kleef-Hamaland\">Diederik I<\/a>\u00a0<a href=\"https:\/\/www.graafschap-middeleeuwen.nl\/genealogie\/getperson.php?personID=I780&amp;tree=DGidME_01\" target=\"_blank\" rel=\"noopener\">\u03a8<\/a>, komt of <a href=\"https:\/\/www.graafschap-middeleeuwen.nl\/wordpress\/gerard-flamens\/#Arnulf-III-Kamerijk\">Arnulf III van Kamerijk<\/a>\u00a0<a href=\"https:\/\/www.graafschap-middeleeuwen.nl\/genealogie\/getperson.php?personID=I10930&amp;tree=DGidME_01\" target=\"_blank\" rel=\"noopener\">\u03a8<\/a> of misschien <a id=\"Arnulf-III-Florennes\"><\/a>Arnulf III van Florennes in aanmerking om Immed II op te volgen. Beide zijn ook familie van <a href=\"https:\/\/www.graafschap-middeleeuwen.nl\/wordpress\/immed-ii\/#Rudolf-Betuwe\">Rudolf<\/a>. De voorkeur gaat hier echter uit naar Arnulf III van Kamerijk.<\/p>\n\n\n\n<p class=\"wp-block-paragraph\">Arnulf III van Kamerijk&nbsp;is een loot aan <a href=\"https:\/\/www.graafschap-middeleeuwen.nl\/wordpress\/gerard-flamens\/#Ondergang-Kamerijk\">het verdreven Kamerijkse gravenhuis<\/a>&nbsp;en is waarschijnlijk mede door toedoen van zijn broer <a href=\"https:\/\/www.graafschap-middeleeuwen.nl\/wordpress\/gerard-flamens\/#Balderik-II-Luik\">Balderik II<\/a><a href=\"https:\/\/www.graafschap-middeleeuwen.nl\/genealogie\/getperson.php?personID=I2207&amp;tree=DGidME_01\" target=\"_blank\" rel=\"noopener\">\u03a8<\/a>, bisschop van Luik, aangesteld in de Haspengouw. Na de dood van Arnulf III in 1040 wordt de Haspengouw aan het bisdom Luik gegeven. De aanspraken van Arnulf III op de Haspengouw zijn wellicht terug te voeren op het huwelijk van zijn grootvader <a href=\"https:\/\/www.graafschap-middeleeuwen.nl\/wordpress\/gerard-flamens\/#Arnulf-I-Kamerijk\">Arnulf I<\/a> met <a href=\"https:\/\/www.graafschap-middeleeuwen.nl\/wordpress\/gerard-flamens\/#Bertha-Betuwe\">Bertha<\/a>&nbsp;<a href=\"https:\/\/www.graafschap-middeleeuwen.nl\/genealogie\/getperson.php?personID=I2110&amp;tree=DGidME_01\" target=\"_blank\" rel=\"noopener\">\u03a8<\/a>, een dochter van <a href=\"https:\/\/www.graafschap-middeleeuwen.nl\/wordpress\/immed-ii\/#Nevelung-Betuwe\">Nevelung van Betuwe<\/a>.&nbsp;De Haspengouw is in de loop der tijd uiteen gevallen in verschillende graafschappen waarvan&nbsp;tussen 985 en 995 <a href=\"https:\/\/www.graafschap-middeleeuwen.nl\/wordpress\/de-herkomst-van-balderik\/#Ansfried-III-Utrecht\">Ansfried (III)<\/a>&nbsp;<a href=\"https:\/\/www.graafschap-middeleeuwen.nl\/genealogie\/getperson.php?personID=I2217&amp;tree=DGidME_01\" target=\"_blank\" rel=\"noopener\">\u03a8<\/a>&nbsp;in ieder geval <a href=\"#Condroz\">Condroz<\/a>&nbsp;en <a href=\"#Huy\">Huy<\/a> onder zijn hoede krijgt.<\/p>\n\n\n\n<h2 class=\"wp-block-heading\"><a id=\"Werner-Haspengouw\"><\/a>Wie is Werner?<\/h2>\n\n\n\n<div class=\"wp-block-image\"><figure class=\"alignleft\"><a href=\"#Noot1\"><img decoding=\"async\" width=\"30\" height=\"14\" src=\"https:\/\/www.graafschap-middeleeuwen.nl\/wordpress\/wp-content\/uploads\/1998\/08\/linkerhand.gif\" alt=\"Noot 1\" class=\"wp-image-18\" title=\"Noot 1\"\/><\/a><\/figure><\/div>\n\n\n\n<p class=\"wp-block-paragraph\">De grote vraag is nu; wie is Werner? Het antwoord is; dat is helaas niet duidelijk. Volgens <a href=\"#Jackman\">Jackman<\/a> trouwt Werner halverwege de tiende eeuw waarschijnlijk met <a href=\"https:\/\/www.graafschap-middeleeuwen.nl\/wordpress\/meginhard-iv\/#Gerberga-Hamaland\">Gerberga<\/a>\u00a0<a href=\"https:\/\/www.graafschap-middeleeuwen.nl\/genealogie\/getperson.php?personID=I2039&amp;tree=DGidME_01\" target=\"_blank\" rel=\"noopener\">\u03a8<\/a>, dochter van graaf <a href=\"https:\/\/www.graafschap-middeleeuwen.nl\/wordpress\/meginhard-iv\/\">Meginhard IV van Hamaland<\/a> <a href=\"https:\/\/www.graafschap-middeleeuwen.nl\/genealogie\/getperson.php?personID=I2036&amp;tree=DGidME_01\" target=\"_blank\" rel=\"noopener\">\u03a8<\/a>. Zij is een halfzuster van <a href=\"https:\/\/www.graafschap-middeleeuwen.nl\/wordpress\/wichman-iv\/\">Wichman (IV)<\/a>. Hun nageslacht zal binnen twee generaties strijden om de opvolging in het graafschap Hamaland, wanneer dit grafelijke ambt in 1024 vacant komt. Daarnaast vermoedt Jackman dat Werner VI in 973 Wichman (IV) opvolgt als markgraaf van <a href=\"https:\/\/www.graafschap-middeleeuwen.nl\/wordpress\/eberhard-i-de-saks\/#Hertog-Friesland\">Frisia<\/a>. Deze hypothese is om <a href=\"https:\/\/www.graafschap-middeleeuwen.nl\/wordpress\/community\/genealogie\/graaf-werner973\/#post-435\" target=\"_blank\" rel=\"noopener\">op het forum<\/a> vermelde redenen hier niet overgenomen. Over wie Werner nu precies is, bestaat helaas nog geen consensus.<\/p>\n\n\n\n<p class=\"wp-block-paragraph\">Vooralsnog wordt op deze website aangenomen dat Werner VI uit de Salische familie stamt. Volgens Hlawitschka is Werner de vader van <a id=\"Godila-Rothenburg\"><\/a>Godila van Rothenburg. Hier wordt hij gepositioneerd als een broer van <a href=\"https:\/\/www.graafschap-middeleeuwen.nl\/wordpress\/opkomst-en-ondergang-van-hertogdom-lotharingen-3\/#Koenraad-Lotharingen-Rode\">Koenraad &#8216;de Rode&#8217;<\/a> <a href=\"https:\/\/www.graafschap-middeleeuwen.nl\/genealogie\/getperson.php?personID=I1697&amp;tree=DGidME_01\" target=\"_blank\" rel=\"noopener\">\u03a8<\/a>, hertog van Lotharingen. Daarmee wordt hij de zesde Werner in de reeks: Werner VI <a href=\"https:\/\/www.graafschap-middeleeuwen.nl\/genealogie\/getperson.php?personID=I5893&amp;tree=DGidME_01\">\u03a8<\/a>. Ook is mogelijk dat Werner VI een neef is van Koenraad &#8216;de Rode&#8217;. Radicaal andere oplossingen mogen ook niet uitgesloten worden. Verder onderzoek is nodig om definitief uitsluitsel te geven over de identiteit van Werner VI, als het ooit al wordt opgelost.<br><a href=\"#Godila-Rothenburg\">Godila<\/a> trouwt eerst met <a id=\"Lothar-IV-Walbeck\"><\/a>Lothar IV, graaf van Walbeck en markgraaf van Noordmark en wanneer deze in 1003 overlijdt hertrouwt ze in 1007 met <a href=\"https:\/\/www.graafschap-middeleeuwen.nl\/wordpress\/herman-ii-westfalen\/#Herman-II-Werl\">Herman II<\/a> <a href=\"https:\/\/www.graafschap-middeleeuwen.nl\/genealogie\/getperson.php?personID=I1624&amp;tree=DGidME_01\" target=\"_blank\" rel=\"noopener\">\u03a8<\/a>, graaf van Werl. Uit het eerste huwelijk krijgt ze vijf kinderen: <a id=\"Werner-Noordmark\"><\/a>Werner <a href=\"https:\/\/www.graafschap-middeleeuwen.nl\/genealogie\/getperson.php?personID=I3470&amp;tree=DGidME_01\" target=\"_blank\" rel=\"noopener\">\u03a8<\/a>, <a id=\"Berthold-Walbeck\"><\/a>Berthold <a href=\"https:\/\/www.graafschap-middeleeuwen.nl\/genealogie\/getperson.php?personID=I257&amp;tree=DGidME_01\" target=\"_blank\" rel=\"noopener\">\u03a8<\/a>, <a id=\"Diederik-Walbeck\"><\/a>Diederik <a href=\"https:\/\/www.graafschap-middeleeuwen.nl\/genealogie\/getperson.php?personID=I4737&amp;tree=DGidME_01\" target=\"_blank\" rel=\"noopener\">\u03a8<\/a>, <a id=\"Brigitta-Magdeburg\"><\/a>Brigitta <a href=\"https:\/\/www.graafschap-middeleeuwen.nl\/genealogie\/getperson.php?personID=I4739&amp;tree=DGidME_01\" target=\"_blank\" rel=\"noopener\">\u03a8<\/a>\u00a0en <a id=\"Lothar-V-Harzgouw\"><\/a>Lothar (V) <a href=\"https:\/\/www.graafschap-middeleeuwen.nl\/genealogie\/getperson.php?personID=I4741&amp;tree=DGidME_01\" target=\"_blank\" rel=\"noopener\">\u03a8<\/a>. Uit het tweede huwelijk krijgt ze twee kinderen: <a id=\"Rudolf-II-Werl\"><\/a>Rudolf (II) <a href=\"https:\/\/www.graafschap-middeleeuwen.nl\/genealogie\/getperson.php?personID=I4727&amp;tree=DGidME_01\" target=\"_blank\" rel=\"noopener\">\u03a8<\/a> en <a id=\"Mathilde-Werl\"><\/a>Mathilde <a href=\"https:\/\/www.graafschap-middeleeuwen.nl\/genealogie\/getperson.php?personID=I4736&amp;tree=DGidME_01\" target=\"_blank\" rel=\"noopener\">\u03a8<\/a>.<\/p>\n\n\n\n<h2 class=\"wp-block-heading\">De onbekende dochters<\/h2>\n\n\n\n<p class=\"wp-block-paragraph\">Naast Godila worden er nog andere dochters aan Werner VI toegedicht. De eerste van naam onbekend gebleven&nbsp;<a id=\"Filia-1-Haspengouw\"><\/a>dochter <a href=\"https:\/\/www.graafschap-middeleeuwen.nl\/genealogie\/getperson.php?personID=I7159&amp;tree=DGidME_01\" target=\"_blank\" rel=\"noopener\">\u03a8<\/a> van Werner VI trouwt met <a id=\"Richwin-Verdun\"><\/a>Richwin van Verdun <a href=\"https:\/\/www.graafschap-middeleeuwen.nl\/genealogie\/getperson.php?personID=I7160&amp;tree=DGidME_01\" target=\"_blank\" rel=\"noopener\">\u03a8<\/a>.&nbsp;Zij krijgen een zoon die <a id=\"Godizo-Aspel\"><\/a>Godizo <a href=\"https:\/\/www.graafschap-middeleeuwen.nl\/genealogie\/getperson.php?personID=I263&amp;tree=DGidME_01\" target=\"_blank\" rel=\"noopener\">\u03a8<\/a>, wordt genoemd. Hij is beter bekend als Godizo van Aspel.<br>Een tweede <a id=\"Filia-2-Haspengouw\"><\/a>onbekende toegeschreven dochter <a href=\"https:\/\/www.graafschap-middeleeuwen.nl\/genealogie\/getperson.php?personID=I2159&amp;tree=DGidME_01\" target=\"_blank\" rel=\"noopener\">\u03a8<\/a> trouwt in 915 met <a id=\"Meingaud-Ladengouw\"><\/a>Meingaud <a href=\"https:\/\/www.graafschap-middeleeuwen.nl\/genealogie\/getperson.php?personID=I2160&amp;tree=DGidME_01\" target=\"_blank\" rel=\"noopener\">\u03a8<\/a>&nbsp;(Megingoz of Manegold), een neef van zijn naamgenoot <a href=\"https:\/\/www.graafschap-middeleeuwen.nl\/wordpress\/gerard-i-flamens\/#Megingoz-Gelre\">Megingoz van Gelre<\/a>&nbsp;<a href=\"https:\/\/www.graafschap-middeleeuwen.nl\/genealogie\/getperson.php?personID=I439&amp;tree=DGidME_01\" target=\"_blank\" rel=\"noopener\">\u03a8<\/a>. Meingaud stamt uit het Konradijnse huis Nellenburg en wordt later graaf in <a id=\"Ladengouw\"><\/a>Ladengouw, <a id=\"Maingouw\"><\/a>Maingouw en <a id=\"Zurichgouw\"><\/a>Zurichgouw. Meingaud en de onbekende dochter krijgen drie kinderen: <a id=\"Burchard-Zurichgouw\"><\/a>Burchard <a href=\"https:\/\/www.graafschap-middeleeuwen.nl\/genealogie\/getperson.php?personID=I4145&amp;tree=DGidME_01\" target=\"_blank\" rel=\"noopener\">\u03a8<\/a>, <a id=\"Eberhard-V-Nellenburg\"><\/a>Eberhard (V)&nbsp;<a href=\"https:\/\/www.graafschap-middeleeuwen.nl\/genealogie\/getperson.php?personID=I4146&amp;tree=DGidME_01\" target=\"_blank\" rel=\"noopener\">\u03a8<\/a> en <a href=\"https:\/\/www.graafschap-middeleeuwen.nl\/wordpress\/werner-ii\/\">Werner (I)<\/a>. Deze Werner I treedt aan het begin van de elfde eeuw op als &#8216;onze&#8217; Werner, graaf in Zuid-Hamaland.<\/p>\n\n\n\n<h2 class=\"wp-block-heading\">Literatuur<\/h2>\n\n\n\n<ol class=\"wp-block-list\"><li><span class=\"auteur\"><a id=\"Noot1\"><\/a>E. Hlawitschka<\/span>, Die Anf\u00e4nge des Hauses Habsburg-Lothringen, Ver\u00f6ffentlichungen der Komission f\u00fcr saarl\u00e4ndische Landesgeschichte und Volksforschung, Saarbr\u00fccken, 1969, p97, 101.<br><span class=\"auteur\">K.H. Schreiber<\/span>, <a href=\"https:\/\/www.manfred-hiebl.de\/genealogie-mittelalter\/\" target=\"_blank\" rel=\"noreferrer noopener nofollow\">Mittelalterliche Genealogie im Deutschen Reich bis zum Ende der Staufer (MGDRES)<\/a>, Werl, <a href=\"https:\/\/www.manfred-hiebl.de\/genealogie-mittelalter\/werl_grafen_von\/godila_von_rothenburg_graefin_1015\/godila_von_rothenburg_graefin_von_walbeck_+_1015.html\" target=\"_blank\" rel=\"noreferrer noopener nofollow\">Godila von Rothenburg<\/a>, <a href=\"https:\/\/www.manfred-hiebl.de\/genealogie-mittelalter\/werl_grafen_von\/hermann_2_graf_von_werl_nach_1024\/hermann_2_graf_von_werl_+_nach_1024.html\" target=\"_blank\" rel=\"noreferrer noopener nofollow\">Herman II<\/a>.<br><span class=\"auteur\">K.H. Schreiber<\/span>, <a href=\"https:\/\/www.manfred-hiebl.de\/genealogie-mittelalter\/\" target=\"_blank\" rel=\"noreferrer noopener nofollow\">MGDRES<\/a>, Walbeck, <a href=\"https:\/\/www.manfred-hiebl.de\/genealogie-mittelalter\/walbeck_grafen_von\/lothar_3_markgraf_der_nordmark_1003\/lothar_3_von_wabeck_graf_von_walbeck_+_1003.html\" target=\"_blank\" rel=\"noreferrer noopener nofollow\">Lothar III<\/a>.<\/li><li><b>Pagus und Comitatus in Niederlothringen<\/b>, Ulrich Nonn,<br>Ludwig R\u00f6hrscheid Verlag, Bonn, 1983.<\/li><li><b>The Konradiner<\/b>, Donald C. Jackman,<br>Vittorio Klostermann, Frankfurt am Main, 1990.<\/li><li><b>Die Grafen von Hamaland und Zutphen<\/b>, Ralf G. Jahn,<br>Geldrischer Heimatkalender, vol. 1992, 1992.<\/li><li><b>Frieslands oudheid &#8211; Het rijk van de Friese koningen, opkomst en ondergang<\/b>, H. Halbertsma<br>Uitgeverij Matrijs, Utrecht, 2000.<a id=\"Jackman\"><\/a><\/li><li>German counties, Donald C. Jackman. (momenteel <em>offline<\/em>)<\/li><li><a href=\"https:\/\/www.manfred-hiebl.de\/genealogie-mittelalter\/\" target=\"_blank\" rel=\"noreferrer noopener nofollow\">Mittelalterliche Genealogie im Deutschen Reich bis zum Ende der Staufer<\/a>, Karl-Heinz Schreiber.<\/li><\/ol>\n\n\n\n<p class=\"wp-block-paragraph\">Gegeven in den jair ons Heren, doen men screeff MM ende IV op Pinksterdach.<\/p>\n","protected":false},"excerpt":{"rendered":"<p>Graaf van Haspengouw Een raadselachtig figuur De in dit hoofdstuk opgevoerde Werner&nbsp;is een raadselachtig figuur. Hij schijnt van voorname afkomst te zijn, maar zijn afkomst is nooit volledig opgeklaard. Op deze website wordt getracht hem in een familaire context te plaatsen. De schaarse literatuur die over hem bestaat, schrijft hem het graafschap Haspengouw (Hasbania) toe. [&hellip;]<\/p>\n","protected":false},"author":1,"featured_media":446,"parent":0,"menu_order":32,"comment_status":"closed","ping_status":"closed","template":"","meta":{"footnotes":""},"class_list":["post-447","page","type-page","status-publish","has-post-thumbnail","hentry"],"_links":{"self":[{"href":"https:\/\/www.graafschap-middeleeuwen.nl\/wordpress\/wp-json\/wp\/v2\/pages\/447","targetHints":{"allow":["GET"]}}],"collection":[{"href":"https:\/\/www.graafschap-middeleeuwen.nl\/wordpress\/wp-json\/wp\/v2\/pages"}],"about":[{"href":"https:\/\/www.graafschap-middeleeuwen.nl\/wordpress\/wp-json\/wp\/v2\/types\/page"}],"author":[{"embeddable":true,"href":"https:\/\/www.graafschap-middeleeuwen.nl\/wordpress\/wp-json\/wp\/v2\/users\/1"}],"replies":[{"embeddable":true,"href":"https:\/\/www.graafschap-middeleeuwen.nl\/wordpress\/wp-json\/wp\/v2\/comments?post=447"}],"version-history":[{"count":70,"href":"https:\/\/www.graafschap-middeleeuwen.nl\/wordpress\/wp-json\/wp\/v2\/pages\/447\/revisions"}],"predecessor-version":[{"id":8239,"href":"https:\/\/www.graafschap-middeleeuwen.nl\/wordpress\/wp-json\/wp\/v2\/pages\/447\/revisions\/8239"}],"wp:featuredmedia":[{"embeddable":true,"href":"https:\/\/www.graafschap-middeleeuwen.nl\/wordpress\/wp-json\/wp\/v2\/media\/446"}],"wp:attachment":[{"href":"https:\/\/www.graafschap-middeleeuwen.nl\/wordpress\/wp-json\/wp\/v2\/media?parent=447"}],"curies":[{"name":"wp","href":"https:\/\/api.w.org\/{rel}","templated":true}]}}