{"id":484,"date":"2001-06-03T22:00:00","date_gmt":"2001-06-03T22:00:00","guid":{"rendered":"https:\/\/www.graafschap-middeleeuwen.nl\/wordpress\/?p=484"},"modified":"2023-11-11T13:46:53","modified_gmt":"2023-11-11T12:46:53","slug":"wichman-ii","status":"publish","type":"page","link":"https:\/\/www.graafschap-middeleeuwen.nl\/wordpress\/wichman-ii\/","title":{"rendered":"Wichman (II) van Hamaland (848-86x)"},"content":{"rendered":"\n<h1 class=\"has-text-align-center wp-block-heading\">Graaf van Hamaland<\/h1>\n\n\n\n<h2 class=\"wp-block-heading\">Van voorname Saksische afkomst<\/h2>\n\n\n\n<div class=\"wp-block-image\"><figure class=\"alignright\"><img fetchpriority=\"high\" decoding=\"async\" width=\"406\" height=\"310\" src=\"https:\/\/www.graafschap-middeleeuwen.nl\/wordpress\/wp-content\/uploads\/2001\/06\/wichman-ii.gif\" alt=\"Mogelijke afstamming van Wichman (II).\" class=\"wp-image-482\" title=\"Mogelijke afstamming van Wichman (II).\"\/><\/figure><\/div>\n\n\n\n<div class=\"wp-block-image\"><figure class=\"alignleft\"><a href=\"#Noot1\"><img decoding=\"async\" width=\"30\" height=\"14\" src=\"https:\/\/www.graafschap-middeleeuwen.nl\/wordpress\/wp-content\/uploads\/1999\/04\/linkerhand.gif\" alt=\"Noot 1\" class=\"wp-image-138\" title=\"Noot 1\"\/><\/a><\/figure><\/div>\n\n\n\n<p>Wichman (of Wigman) (II) <a href=\"https:\/\/www.graafschap-middeleeuwen.nl\/genealogie\/getperson.php?personID=I3432&amp;tree=DGidME_01\" target=\"_blank\" rel=\"noopener\">\u03a8<\/a> stamt waarschijnlijk uit een aanzienlijk gravengeslacht, dat in de literatuur bekend staat als de <a id=\"Pre-Billungers\"><\/a>pre-Billungers. Dit doet een afkomst uit Saksen vermoeden, want de <a id=\"Billungers\"><\/a>Billungers leveren sinds 936 in een ononderbroken mannelijke linie tot 1105 de hertogen van Saksen.<\/p>\n\n\n\n<!--more-->\n\n\n\n<p>Vanaf de eerste hertog uit deze familie, <a id=\"Herman-I-Billung\"><\/a>Herman I Billung <a href=\"https:\/\/www.graafschap-middeleeuwen.nl\/genealogie\/getperson.php?personID=I1996&amp;tree=DGidME_01\" target=\"_blank\" rel=\"noopener\">\u03a8<\/a>, spreken we van Billungers. Zijn (vermoede) voorouders worden tot de Pre-Billungers gerekend.<br>De naam &#8216;Wichman&#8217; is bij de Billungers gereserveerd voor de oudste zoon. Van de Pre-Billungers is bij gebrek aan gegevens geen goede <a href=\"https:\/\/www.graafschap-middeleeuwen.nl\/genealogie\/descend.php?personID=I1996&amp;tree=DGidME_01&amp;display=standard&amp;generations=5\" target=\"_blank\" rel=\"noopener\">stamboom <\/a>vast te stellen. Overigens is de naam &#8216;Billungers&#8217; voor deze familie ongelukkig, want waarschijnlijk heeft er nooit een stamvader met de naam Billung of Billing bestaan.<br>Wichman (II)&#8217;s vermoedelijke grootvader van moeders kant heet <a id=\"Wichman-I\"><\/a>Wichman (I) <a href=\"https:\/\/www.graafschap-middeleeuwen.nl\/genealogie\/getperson.php?personID=I5950&amp;tree=DGidME_01\" target=\"_blank\" rel=\"noopener\">\u03a8<\/a>. Wichman (I) wordt in 811 genoemd als een van de <a href=\"https:\/\/www.graafschap-middeleeuwen.nl\/wordpress\/het-karolingische-rijk\/#VerdragEider\">onderhandelaars van Karel I &#8216;de Grote&#8217; aan de Eider<\/a>. Geen taak die <a href=\"https:\/\/www.graafschap-middeleeuwen.nl\/wordpress\/het-karolingische-rijk\/#Karel-I-Grote\">Karel I<\/a> <a href=\"https:\/\/www.graafschap-middeleeuwen.nl\/genealogie\/getperson.php?personID=I2138&amp;tree=DGidME_01\" target=\"_blank\" rel=\"noopener\">\u03a8<\/a> aan de eerste de beste zal hebben overgelaten. Hij zal een vertrouweling van <a href=\"https:\/\/www.graafschap-middeleeuwen.nl\/wordpress\/het-karolingische-rijk\/#Karel-I-Grote\" target=\"_blank\" rel=\"noopener\">Karel I<\/a> zijn geweest en vast voor zijn diensten met landerijen in Saksen beloond zijn. Wichman (I) is vermoedelijk dezelfde die als graaf UUithmannus wordt genoemd, wanneer hij in <a id=\"Schenking-825\"><\/a>825 tien hoeves in <a href=\"#Wetigouw\">Wetigouw<\/a> (noordoostelijk van Paderborn gelegen) <a href=\"#Traditiones-1970-1\">aan de abdij van Corvey schenkt<\/a>. Als eerste getuige bij deze gebeurtenis treedt <a id=\"Herman-NN\"><\/a>Herman op. Mogelijk is deze Herman een broer van Wichman (I). De naam Herman komt veel in combinatie met de naam Wichman in de familie voor.<\/p>\n\n\n\n<h2 class=\"wp-block-heading\"><a id=\"Scenario\"><\/a>Generatiegenoten en geboortedata<\/h2>\n\n\n\n<div class=\"wp-block-image\"><figure class=\"alignleft\"><a href=\"#Noot2\"><img decoding=\"async\" width=\"30\" height=\"14\" src=\"https:\/\/www.graafschap-middeleeuwen.nl\/wordpress\/wp-content\/uploads\/1999\/04\/linkerhand.gif\" alt=\"Noot 2\" class=\"wp-image-138\" title=\"Noot 2\"\/><\/a><\/figure><\/div>\n\n\n\n<p>Op chronologische gronden wordt op deze site aangenomen dat een <a id=\"Filia-Wichman\"><\/a>onbekend gebleven dochter <a href=\"https:\/\/www.graafschap-middeleeuwen.nl\/genealogie\/getperson.php?personID=I1939&amp;tree=DGidME_01\" target=\"_blank\" rel=\"noopener\">\u03a8<\/a> van Wichman (I) met de Saksische graaf <a id=\"Bennid-I\"><\/a>Bennid (I) <a href=\"https:\/\/www.graafschap-middeleeuwen.nl\/genealogie\/getperson.php?personID=I1938&amp;tree=DGidME_01\" target=\"_blank\" rel=\"noopener\">\u03a8<\/a> (Bernhard) is getrouwd. Ook Bernhard is een populaire naam binnen de Billungers. Bennid I krijgt vermoedelijk drie zonen <a id=\"Amelung-II\"><\/a>Amelung (II) <a href=\"https:\/\/www.graafschap-middeleeuwen.nl\/genealogie\/getperson.php?personID=I1935&amp;tree=DGidME_01\" target=\"_blank\" rel=\"noopener\">\u03a8<\/a>, Wichman (II) en <a href=\"#Herman-NN\">Herman <\/a><a href=\"https:\/\/www.graafschap-middeleeuwen.nl\/genealogie\/getperson.php?personID=I3435&amp;tree=DGidME_01\" target=\"_blank\" rel=\"noopener\">\u03a8<\/a>. Hiervan zal Amelung II de oudste zoon zijn geweest, omdat Bennid I&#8217;s vader <a id=\"Amelung-I\"><\/a>Amelung (I) <a href=\"https:\/\/www.graafschap-middeleeuwen.nl\/genealogie\/getperson.php?personID=I3417&amp;tree=DGidME_01\" target=\"_blank\" rel=\"noopener\">\u03a8<\/a> heet. Wichman II is in dit scenario met de erfdochter <a href=\"https:\/\/www.graafschap-middeleeuwen.nl\/genealogie\/getperson.php?personID=I5949&amp;tree=DGidME_01\" target=\"_blank\" rel=\"noopener\">\u03a8<\/a> van <a href=\"https:\/\/www.graafschap-middeleeuwen.nl\/wordpress\/meginhard-i\/\">Meginhard I<\/a> <a href=\"https:\/\/www.graafschap-middeleeuwen.nl\/genealogie\/getperson.php?personID=I5936&amp;tree=DGidME_01\" target=\"_blank\" rel=\"noopener\">\u03a8<\/a> getrouwd.<br>Als onderhandelaar met de Noormannen zal Wichman (I) in 811 reeds een volwassen man zijn en mogelijk zelfs een generatiegenoot van <a href=\"https:\/\/www.graafschap-middeleeuwen.nl\/wordpress\/het-karolingische-rijk\/#Karel-I-Grote\">Karel I<\/a>, gezien het belang van deze <a href=\"https:\/\/www.graafschap-middeleeuwen.nl\/wordpress\/het-karolingische-rijk\/#VerdragEider\">onderhandelingen<\/a>. Hij zal halverwege de achtste eeuw geboren zijn, zodat hij op latere leeftijd de <a href=\"#Schenking-825\">hoeves aan Corvey schenkt<\/a>. Mogelijk zal hij kort daarna overleden zijn. Zijn <a href=\"#Filia-Wichman\">onbekende dochter<\/a> zal grofweg rond 785 zijn geboren, zodat zijn kleinzoon Wichman (II) rond 800 kan zijn geboren. In dit schema is Wichman (II) in 855 zeker oud genoeg om als graaf op te kunnen treden.<br><a href=\"https:\/\/www.graafschap-middeleeuwen.nl\/wordpress\/meginhard-i\/\">Meginhard I<\/a> is in 796 nog een jongeling en zal rond 780 geboren zijn. <a href=\"https:\/\/www.graafschap-middeleeuwen.nl\/wordpress\/meginhard-i\/#Filia-Hamaland\">Meginhard I&#8217;s onbekende dochter<\/a> zal dan rond 800 geboren zijn. In dit rekenschema hebben Meginhard I&#8217;s dochter en Wichman (II) ongeveer dezelfde leeftijd, zodat de aanname dat Wichman (II) met Meginhard I&#8217;s dochter trouwt niet door een krappe rekensom wordt verstoord.<br>Met dit hypothetische huwelijk smelten twee machtige families, <a href=\"https:\/\/www.graafschap-middeleeuwen.nl\/genealogie\/descend.php?personID=I5936&amp;tree=DGidME_01&amp;display=standard&amp;generations=5\" target=\"_blank\" rel=\"noopener\">Meginhardi<\/a> en <a href=\"https:\/\/www.graafschap-middeleeuwen.nl\/genealogie\/descend.php?personID=I1996&amp;tree=DGidME_01&amp;display=standard&amp;generations=5\" target=\"_blank\" rel=\"noopener\">Billungers<\/a>, samen. Wichman (II) en zijn bruid krijgen in deze veronderstelling twee zonen: <a id=\"Wichman-III-Wetigouw\"><\/a>Wichman (III) <a href=\"https:\/\/www.graafschap-middeleeuwen.nl\/genealogie\/getperson.php?personID=I1987&amp;tree=DGidME_01\" target=\"_blank\" rel=\"noopener\">\u03a8<\/a> en <a href=\"https:\/\/www.graafschap-middeleeuwen.nl\/wordpress\/meginhard-ii\/\">Meginhard (II)<\/a> <a href=\"https:\/\/www.graafschap-middeleeuwen.nl\/genealogie\/getperson.php?personID=I1989&amp;tree=DGidME_01\" target=\"_blank\" rel=\"noopener\">\u03a8<\/a>.<\/p>\n\n\n\n<h2 class=\"wp-block-heading\">Een -mannendingetje<\/h2>\n\n\n\n<div class=\"wp-block-image\"><figure class=\"alignleft\"><a href=\"#Noot3\"><img loading=\"lazy\" decoding=\"async\" width=\"30\" height=\"14\" src=\"https:\/\/www.graafschap-middeleeuwen.nl\/wordpress\/wp-content\/uploads\/1999\/04\/linkerhand.gif\" alt=\"Noot 3\" class=\"wp-image-138\" title=\"Noot 3\"\/><\/a><\/figure><\/div>\n\n\n\n<p><a href=\"#Winter-2001-3\">Van Winter&#8217;s<\/a> vermoeden dat Wichman (II) een (klein)zoon is van <a href=\"https:\/\/www.graafschap-middeleeuwen.nl\/wordpress\/meginhard-i\/\">Meginhard I<\/a> wordt op deze site niet gevolgd. Hier erft Wichman (III) het (voorvaderlijke en belangrijkste) goederencomplex in Saksen. Ten tweede komt het achtervoegsel &#8216;man&#8217; bij de &#8216;hari&#8217;-familie (<a href=\"https:\/\/www.graafschap-middeleeuwen.nl\/wordpress\/brunhari\/\">Brunhari<\/a> <a href=\"https:\/\/www.graafschap-middeleeuwen.nl\/genealogie\/getperson.php?personID=I5939&amp;tree=DGidME_01\" target=\"_blank\" rel=\"noopener\">\u03a8<\/a> en <a href=\"https:\/\/www.graafschap-middeleeuwen.nl\/wordpress\/wrachari\/\">Wrachari<\/a> <a href=\"https:\/\/www.graafschap-middeleeuwen.nl\/genealogie\/getperson.php?personID=I5937&amp;tree=DGidME_01\" target=\"_blank\" rel=\"noopener\">\u03a8<\/a>) niet voor, wat eigenlijk wel te verwachten zou zijn wanneer Wichman (II) in mannelijke linie van Meginhard I af zou stammen. Bovendien komen de &#8216;hari&#8217;-namen later niet in de familie terug en blijft alleen de naam eindigend op &#8216;-hard&#8217; bewaard. Dit duidt in de richting van een vrouwelijke schakel. De naam &#8216;Wichman&#8217; komt bij de Meginhardi <a href=\"https:\/\/www.graafschap-middeleeuwen.nl\/wordpress\/wichman-iv\/\">\u00e9\u00e9n keer terug<\/a>, waarschijnlijk als een politieke naamgeving om de verwantschap met de <a href=\"#Billungers\">Billungers<\/a> te benadrukken.<br>Van Winter rekent <a href=\"#Wichman-I\">Wichman (I)<\/a> niet tot de voorouders van de Hamalandse familie, omdat deze bij schenkingen aan de abdij van Corvey optreedt tussen een <a id=\"Herman-2-NN\"><\/a>Herman, <a id=\"Redman-NN\"><\/a>Redman en <a id=\"Waldman-NN\"><\/a>Waldman; een &#8216;-man&#8217;-familie. De vermeende bloedband tussen de &#8216;-mannen&#8217; rust op het feit dat, volgens <a href=\"#Wenskus-1976-3\">Wenskus<\/a>, Wichman (I) in 825, met Herman als eerste getuige, in optreedt, dat Herman in 837\/8 vervolgens zelfstandig bij een schenking in <a id=\"Dungen\"><\/a>Dungen optreedt en dat deze Herman rond 843 zijn vader Redman herdenkt met goed in <a id=\"Hasbeke\"><\/a>Hasbeke en <a id=\"Hummersen\"><\/a>Hummersen, met als eerste getuige Waldman. Dungen is ge\u00efdentificeerd als Alt Schwalenberg (ten zuidoosten van Detmold) en ligt in de <a id=\"Wetigouw\"><\/a>Wetigouw. Hummersen ligt iets verder oostelijk en Hasbeke is mogelijk gelijk aan Haselbeki (oostelijk van Holzminden).<\/p>\n\n\n\n<p>Er is veel onzeker bij dit veronderstelde gezinsverband. Zo is het bijvoorbeeld de vraag of de drie genoemde Hermannen identiek zijn. De vermeende bloedband tussen Wichman (I) en de overige &#8216;-mannen&#8217; is dus waterig.<br>Op deze website is dit ondervangen door in de <a href=\"https:\/\/www.graafschap-middeleeuwen.nl\/genealogie\/descend.php?personID=I5936&amp;tree=DGidME_01&amp;display=standard&amp;generations=5\" target=\"_blank\" rel=\"noopener\">gereconstrueerde stamboom<\/a> een vrouwelijke generatie in te voeren tussen Wichman (I) en Wichman (II). De naam &#8216;Wichman&#8217; voor de tweede zoon ligt dan voor de hand.<\/p>\n\n\n\n<h2 class=\"wp-block-heading\"><a id=\"Noormannen\"><\/a>De terugkeer van Rorik I<\/h2>\n\n\n\n<div class=\"wp-block-image\"><figure class=\"alignleft\"><a href=\"#Noot4\"><img loading=\"lazy\" decoding=\"async\" width=\"30\" height=\"14\" src=\"https:\/\/www.graafschap-middeleeuwen.nl\/wordpress\/wp-content\/uploads\/1999\/04\/linkerhand.gif\" alt=\"Noot 4\" class=\"wp-image-138\" title=\"Noot 4\"\/><\/a><\/figure><\/div>\n\n\n\n<p>In 850 keert <a href=\"https:\/\/www.graafschap-middeleeuwen.nl\/wordpress\/meginhard-i\/#Rorik-I-Haithabu\">Rorik I<\/a> <a href=\"https:\/\/www.graafschap-middeleeuwen.nl\/genealogie\/getperson.php?personID=I3303&amp;tree=DGidME_01\" target=\"_blank\" rel=\"noopener\">\u03a8<\/a> uit zijn ballingschap terug en bezet Dorestad, waarna <a href=\"https:\/\/www.graafschap-middeleeuwen.nl\/wordpress\/opkomst-en-ondergang-van-het-koninkrijk-lotharingen\/#Lothar-I\">Lothar I<\/a> <a href=\"https:\/\/www.graafschap-middeleeuwen.nl\/genealogie\/getperson.php?personID=I2151&amp;tree=DGidME_01\" target=\"_blank\" rel=\"noopener\">\u03a8<\/a> niets beters weet te verzinnen dan Rorik I <a href=\"https:\/\/www.graafschap-middeleeuwen.nl\/wordpress\/meginhard-i\/#Rorik-I-Beleend\">wederom<\/a> met de handelsstad en andere graafschappen te belenen. Het komt er op neer dat Rorik I de baas is in dat deel van <a id=\"Frisia\"><\/a>Frisia (Friesland) ten westen van het Vlie, dat Lotharius I toebehoort. In wiens naam maakt hem niet uit. Wichman (II) heeft daarmee een opportunistische en potige buurman gekregen, maar Rorik I is te druk met zijn Deense belangen om het hem lastig te maken.<\/p>\n\n\n\n<p>In 855 vertrekt Rorik I naar Denemarken om daar te proberen koning te worden. Deze poging mislukt, zodat een tweede vertrek volgt in 857. Nu blijkt hoe nuttig hij is voor de kustverdediging. Het Nederrijnse gebied wordt prompt <a href=\"https:\/\/www.graafschap-middeleeuwen.nl\/wordpress\/opkomst-en-ondergang-van-het-koninkrijk-lotharingen\/#Vikingaanvallen\">door Vikingen aangevallen<\/a> en geplunderd. Nieuwe aanvallen op Utrecht en Dorestad vinden plaats in 857. Bisschop <a id=\"Hunger-Utrecht\"><\/a>Hunger van Utrecht besluit te vluchten vanwege het aanhoudende geweld. In 858 krijgt de bisschop <a id=\"Odilienberg\"><\/a>Odili\u00ebnberg (bij Roermond) als zetelplaats van <a href=\"https:\/\/www.graafschap-middeleeuwen.nl\/wordpress\/opkomst-en-ondergang-van-het-koninkrijk-lotharingen\/#Lothar-II-Lotharingen\">Lothar II<\/a> <a href=\"https:\/\/www.graafschap-middeleeuwen.nl\/genealogie\/getperson.php?personID=I4386&amp;tree=DGidME_01\" target=\"_blank\" rel=\"noopener\">\u03a8<\/a> toegewezen, wat iets zegt over het gebrek aan veiligheid in het bisdom Utrecht. Blijkbaar zijn de Vikingen nog niet zo ver stroomopwaarts het Nederrijnse gebied in geweest, zodat de monding van de Roer als een veilig gebied wordt beschouwd. De \u2018hit and run\u2019-strategie van de Vikingen laat hen blijkbaar (nog) niet toe om verder stroomopwaarts te gaan, waardoor een veilige aftocht onzeker wordt. Pas in de tweede helft van negende eeuw gaan zij winterkampen inrichten, zodat hun actieradius groter zal worden.<\/p>\n\n\n\n<h2 class=\"wp-block-heading\">Spaarzame gegevens<\/h2>\n\n\n\n<div class=\"wp-block-image\"><figure class=\"alignright\"><img loading=\"lazy\" decoding=\"async\" width=\"300\" height=\"500\" src=\"https:\/\/www.graafschap-middeleeuwen.nl\/wordpress\/wp-content\/uploads\/2001\/06\/gebied-wichman-ii.gif\" alt=\"Vermoedelijke bezittingen van Wichman (II).\" class=\"wp-image-483\" title=\"Vermoedelijke bezittingen van Wichman (II).\"\/><\/figure><\/div>\n\n\n\n<div class=\"wp-block-image\"><figure class=\"alignright\"><a href=\"#Noot5\"><img loading=\"lazy\" decoding=\"async\" width=\"30\" height=\"14\" src=\"https:\/\/www.graafschap-middeleeuwen.nl\/wordpress\/wp-content\/uploads\/2001\/06\/rechterhand.gif\" alt=\"Noot 5\" class=\"wp-image-459\" title=\"Noot 5\"\/><\/a><\/figure><\/div>\n\n\n\n<p>Naast de afgeleide gegevens is er over Wichman (II) zelf niet veel meer bekend. <a id=\"Folkert-855\"><\/a>In 855 wordt hij genoemd als graaf van <a href=\"https:\/\/www.graafschap-middeleeuwen.nl\/wordpress\/de-opkomst-van-de-graven-van-hamaland\/\">Hamaland<\/a>, wanneer <a id=\"Folker-NN\"><\/a>Folker onder andere goederen in &#8216;pago Hamulande, in comitatu Uuigmanni&#8217; weggeeft. Het blijkt te gaan om goederen bij Amersfoort en Rhenen.<br>Wichman (II) is dus de eerste graaf waarvan zeker is dat hij in Hamaland (IJsselgouw en Lijmers) als graaf actief is. Dat graafschap ziet er waarschijnlijk net zo uit als het graafschap van Wichman (IV) aan het eind van de tiende eeuw. Zijn ambstgebied is binnen de rode lijn te vinden. Ook buiten de lijn bezit hij landgoederen, maar of hij daar ook graaf mag zijn is onbekend.<\/p>\n\n\n\n<h2 class=\"wp-block-heading\"><a id=\"Vermeende-Magescheid\"><\/a>Het magescheid rond 860<\/h2>\n\n\n\n<div class=\"wp-block-image\"><figure class=\"alignleft\"><a href=\"#Noot6\"><img loading=\"lazy\" decoding=\"async\" width=\"30\" height=\"14\" src=\"https:\/\/www.graafschap-middeleeuwen.nl\/wordpress\/wp-content\/uploads\/1999\/04\/linkerhand.gif\" alt=\"Noot 6\" class=\"wp-image-138\" title=\"Noot 6\"\/><\/a><\/figure><\/div>\n\n\n\n<p>In de literatuur wordt soms geen onderscheid gemaakt tussen de Wichman (II) uit 855 en de Wichman (III) die in 880 sneuvelt. In het hier <a href=\"#Scenario\">geschetste scenario<\/a> is Wichman (II) rond 795 geboren en is hij in 880 te oud om tegen de Noormannen ten strijde te trekken. Met scenarios die van een latere geboortedatum uitgaan is zoiets natuurlijk wel mogelijk.<\/p>\n\n\n\n<p><a href=\"#Winter-2001-6\">Van Winter<\/a> maakt dat onderscheid wel en vermoedt dat omstreeks 860, na de dood van Wichman (II), een <a id=\"Magescheid\"><\/a>&#8216;magescheid&#8217; (erfdeling) van de rechten en bezittingen van de familie plaatsvindt. <a id=\"Winter-Hypothese\"><\/a>De goederen en rechten van de familie in Westfalen komen volgens haar hypothese in handen van de <a href=\"#Billungers\">Billungers<\/a>. De belangen in Nederland (Gelderland, Overijssel, Drenthe) zijn voor de <a href=\"https:\/\/www.graafschap-middeleeuwen.nl\/genealogie\/descend.php?personID=I5936&amp;tree=DGidME_01&amp;display=standard&amp;generations=5\" target=\"_blank\" rel=\"noopener\">Meginhardi<\/a> weggelegd. Het Groninger Ommeland wordt naar haar mening verder opgesplitst in goederen en graafschapsrechten. De (land)goederen zijn voor de Meginhardi, terwijl de Billungers de (grafelijke) rechten krijgen. Op deze wijze wil zij verklaren waarom <a id=\"Ekbert-I-Brunswijk\"><\/a>Ekbert I <a href=\"https:\/\/www.graafschap-middeleeuwen.nl\/genealogie\/getperson.php?personID=I3949&amp;tree=DGidME_01\" target=\"_blank\" rel=\"noopener\">\u03a8<\/a> en <a id=\"Ekbert-II-Brunswijk\"><\/a>Ekbert II\u00a0 van Brunswijk <a href=\"https:\/\/www.graafschap-middeleeuwen.nl\/genealogie\/getperson.php?personID=I2698&amp;tree=DGidME_01\" target=\"_blank\" rel=\"noopener\">\u03a8<\/a> (Braunschweig) en hertog <a href=\"https:\/\/www.graafschap-middeleeuwen.nl\/wordpress\/opkomst-en-ondergang-van-hertogdom-neder-lotharingen-4\/#Gozelo-I-Neder-Lotharingen-Grote\">Gozelo I van Verdun<\/a> <a href=\"https:\/\/www.graafschap-middeleeuwen.nl\/genealogie\/getperson.php?personID=I2015&amp;tree=DGidME_01\" target=\"_blank\" rel=\"noopener\">\u03a8<\/a> hun rechten in het Groninger Ommeland in de elfde eeuw kunnen opeisen.<\/p>\n\n\n\n<p>Ekbert I en II zijn telgen van de zogenoemde Brunonen. De <a id=\"Brunonen\"><\/a>Brunonen zijn via het huwelijk van <a href=\"https:\/\/www.graafschap-middeleeuwen.nl\/wordpress\/ekbert-ii-eenoog\/#Liudolf-III-Brunswijk\">Liudolf III van Brunswijk<\/a> <a href=\"https:\/\/www.graafschap-middeleeuwen.nl\/genealogie\/getperson.php?personID=I1591&amp;tree=DGidME_01\" target=\"_blank\" rel=\"noopener\">\u03a8<\/a> met <a href=\"https:\/\/www.graafschap-middeleeuwen.nl\/wordpress\/ekbert-ii-eenoog\/#Gertrud-Derlingouw\">Gertrud<\/a> <a href=\"https:\/\/www.graafschap-middeleeuwen.nl\/genealogie\/getperson.php?personID=I6327&amp;tree=DGidME_01\" target=\"_blank\" rel=\"noopener\">\u03a8<\/a>, kleindochter van <a href=\"https:\/\/www.graafschap-middeleeuwen.nl\/wordpress\/ekbert-ii-eenoog\/\">Ekbert II &#8216;Eenoog&#8217;<\/a> <a href=\"https:\/\/www.graafschap-middeleeuwen.nl\/genealogie\/getperson.php?personID=I852&amp;tree=DGidME_01\" target=\"_blank\" rel=\"noopener\">\u03a8<\/a> aan de <a href=\"#Billungers\">Billungers<\/a> verwant. <a href=\"https:\/\/www.graafschap-middeleeuwen.nl\/wordpress\/opkomst-en-ondergang-van-hertogdom-neder-lotharingen-4\/#Gozelo-I-Neder-Lotharingen-Grote\">Gozelo I<\/a> is een zoon van van <a href=\"https:\/\/www.graafschap-middeleeuwen.nl\/wordpress\/opkomst-en-ondergang-van-hertogdom-neder-lotharingen-1\/#Mathilde-Saksen\">Mathilde van Saksen<\/a> <a href=\"https:\/\/www.graafschap-middeleeuwen.nl\/genealogie\/getperson.php?personID=I143&amp;tree=DGidME_01\" target=\"_blank\" rel=\"noopener\">\u03a8<\/a>, een Billunger dochter. Zo komt Van Winter tot een overervingspad van zes (Gozelo I) of acht (Liudolf III) (aangetrouwde) generaties, gerekend vanaf Wichman (II).<br>In zes tot acht generaties komt er uiteraard veel meer &#8216;familie&#8217; in aanmerking om een stukje Ommeland op te eisen dan alleen voornoemden. Bijvoorbeeld de mannelijke linie van de Billunger tak zelf. Grafelijkheidsrechten en rijkslenen gaan in beginsel naar de oudste zoon. Een verdeling over meerdere zoons is ongebruikelijk en dient goedgekeurd te worden door de koning of keizer. Afsplitsing van een deel als huwelijksgift voor een dochter, terwijl er zonen geboren zijn is mogelijk, maar niet waarschijnlijk.<br>Van Winters hypothese mag dan op gekunstelde wijze verklaren waarom <a href=\"https:\/\/www.graafschap-middeleeuwen.nl\/wordpress\/ekbert-ii-eenoog\/#Liudolf-III-Brunswijk\">Liudolf III<\/a> en <a href=\"https:\/\/www.graafschap-middeleeuwen.nl\/wordpress\/opkomst-en-ondergang-van-hertogdom-neder-lotharingen-4\/#Gozelo-I-Neder-Lotharingen-Grote\">Gozelo I<\/a> zich in het noorden roeren, maar geeft geen verklaring waarom <a href=\"https:\/\/www.graafschap-middeleeuwen.nl\/wordpress\/ondergang-van-de-graven-van-hamaland\/#Rudolf-I-Werl\">Rudolf (I) van Werl<\/a> <a href=\"https:\/\/www.graafschap-middeleeuwen.nl\/genealogie\/getperson.php?personID=I1625&amp;tree=DGidME_01\" target=\"_blank\" rel=\"noopener\">\u03a8<\/a> en zijn neefjes <a id=\"Bernhard-III-Werl\"><\/a>Bernhard (III) <a href=\"https:\/\/www.graafschap-middeleeuwen.nl\/genealogie\/getperson.php?personID=I4734&amp;tree=DGidME_01\" target=\"_blank\" rel=\"noopener\">\u03a8<\/a> en <a id=\"Adalbert-Emegouw\"><\/a>Adalbert <a href=\"https:\/\/www.graafschap-middeleeuwen.nl\/genealogie\/getperson.php?personID=I5281&amp;tree=DGidME_01\" target=\"_blank\" rel=\"noopener\">\u03a8<\/a> zich rond die tijd aan de Groninger kust vertonen.<\/p>\n\n\n\n<p><a href=\"#Balzer-2006-6\">Balzer<\/a> heeft recentelijk de (hypothetische) erfdeling rond 860 overgenomen. Zij stelt in tegenstelling tot Wenskus <a href=\"#Hummersen\">Hummersen<\/a> gelijk aan de gouw <a id=\"Humsterland\"><\/a>Humsterland. Deze nieuwe identificatie van Hummersen en de toewijzing van de rond het jaar 1000 geslagen Friese munten aan <a href=\"https:\/\/www.graafschap-middeleeuwen.nl\/wordpress\/ekbert-ii-eenoog\/#Wichman-III-Vreden\">Wichman III van Vreden<\/a> <a href=\"https:\/\/www.graafschap-middeleeuwen.nl\/genealogie\/getperson.php?personID=I1997&amp;tree=DGidME_01\" target=\"_blank\" rel=\"noopener\">\u03a8<\/a> geeft volgens haar ondersteuning aan <a href=\"#Winter-Hypothese\">Van Winters hypothese<\/a>. Het is vervelend dat Liudolf een vaak voorkomende naam is, zodat niet zeker is wie het hier betreft. Balzer draagt in de Groningse problematiek geen nieuwe argumenten aan.<br><a href=\"#Jackman-Website-6\">Jackman<\/a> biedt op zijn eigen wijze een verklaring voor de komst van Rudolf (I) van Werl in Groningen. Hij identificeert Godfried \u2018de Gevangene\u2019 als Godfried \u2018de Prefect\u2019 en maakt van de prefectuur een ambtsgebied waarin ook Groningen valt. Vervolgens laat hij eenvoudigweg een dochter van Godfried &#8216;de Gevangene\/Prefect&#8217;, <a href=\"https:\/\/www.graafschap-middeleeuwen.nl\/wordpress\/ondergang-van-de-graven-van-hamaland\/#Adelheid-Verdun\">Adelheid<\/a> <a href=\"https:\/\/www.graafschap-middeleeuwen.nl\/genealogie\/getperson.php?personID=I4634&amp;tree=DGidME_01\" target=\"_blank\" rel=\"noopener\">\u03a8<\/a> geheten, trouwen met <a href=\"https:\/\/www.graafschap-middeleeuwen.nl\/wordpress\/ondergang-van-de-graven-van-hamaland\/#Rudolf-I-Werl\">Rudolf (I) van Werl<\/a>, zodat het logisch is geworden dat Rudolf in Groningen optreedt. Over de onjuiste identificatie van Godfried \u2018de Gevangene\u2019 als \u2018de Prefect\u2019 is elders op deze website een noot gekraakt, waardoor deze verklaring vaste grond ontbeert.<\/p>\n\n\n\n<h2 class=\"wp-block-heading\"><a id=\"Averarda-Vererving\"><\/a>Er gaat niets boven Groningen<\/h2>\n\n\n\n<div class=\"wp-block-image\"><figure class=\"alignright\"><a href=\"#Noot7\"><img loading=\"lazy\" decoding=\"async\" width=\"30\" height=\"14\" src=\"https:\/\/www.graafschap-middeleeuwen.nl\/wordpress\/wp-content\/uploads\/2001\/06\/rechterhand.gif\" alt=\"Noot 7\" class=\"wp-image-459\" title=\"Noot 7\"\/><\/a><\/figure><\/div>\n\n\n\n<p><a href=\"#Jongbloed-2006-7\">Jongbloed<\/a> gaat uit van een ander scenario dat niet zo veel generaties teruggrijpt om te verklaren hoe de Groninger Ommelanden bij <a href=\"https:\/\/www.graafschap-middeleeuwen.nl\/wordpress\/gerard-flamens\/\">Verdun<\/a> en de <a href=\"#Brunonen\">Brunonen<\/a> terecht kan komen. In zijn scenario erft het <a href=\"https:\/\/www.graafschap-middeleeuwen.nl\/genealogie\/descend.php?personID=I142&amp;tree=DGidME_01&amp;display=compact&amp;generations=4\" target=\"_blank\" rel=\"noopener\">huis Verdun<\/a> de Meginhardse bezittingen in Friesland door het huwelijk tussen <a href=\"https:\/\/www.graafschap-middeleeuwen.nl\/wordpress\/opkomst-en-ondergang-van-hertogdom-neder-lotharingen-1\/#Godfried-Verdun-Gevangene\">Godfried &#8216;de Gevangene&#8217;<\/a> <a href=\"https:\/\/www.graafschap-middeleeuwen.nl\/genealogie\/getperson.php?personID=I142&amp;tree=DGidME_01\" target=\"_blank\" rel=\"noopener\">\u03a8<\/a> en <a id=\"Averard-Hamaland\"><\/a>Averarda <a href=\"https:\/\/www.graafschap-middeleeuwen.nl\/genealogie\/getperson.php?personID=I10340&amp;tree=DGidME_01\" target=\"_blank\" rel=\"noopener\">\u03a8<\/a>, de dochter van <a href=\"https:\/\/www.graafschap-middeleeuwen.nl\/wordpress\/meginhard-iv\/#Eberhard-III-Salland\">Eberhard (III) van Salland<\/a> <a href=\"https:\/\/www.graafschap-middeleeuwen.nl\/genealogie\/getperson.php?personID=I10338&amp;tree=DGidME_01\" target=\"_blank\" rel=\"noopener\">\u03a8<\/a>. Godfrieds zoon <a href=\"https:\/\/www.graafschap-middeleeuwen.nl\/wordpress\/opkomst-en-ondergang-van-hertogdom-neder-lotharingen-4\/#Gozelo-I-Neder-Lotharingen-Grote\">Gozelo I<\/a> erkent in 1024 <a href=\"https:\/\/www.graafschap-middeleeuwen.nl\/wordpress\/het-salische-huis\/#Konrad-II\">Koenraad II<\/a> <a href=\"https:\/\/www.graafschap-middeleeuwen.nl\/genealogie\/getperson.php?personID=I443&amp;tree=DGidME_01\" target=\"_blank\" rel=\"noopener\">\u03a8<\/a> niet als koning. Wanneer hij in 1025 Koenraad II alsnog zijn hulde bewijst, moet hij als straf een leengraaf in Hunzego en Fivelgo accepteren. De leengraaf l wordt gerecruteerd uit de naaste familie van koningin <a href=\"https:\/\/www.graafschap-middeleeuwen.nl\/wordpress\/het-salische-huis\/#Gisela-Schwaben\">Gisela van Schwaben<\/a> <a href=\"https:\/\/www.graafschap-middeleeuwen.nl\/genealogie\/getperson.php?personID=I1584&amp;tree=DGidME_01\" target=\"_blank\" rel=\"noopener\">\u03a8<\/a>; haar halfbroer <a href=\"https:\/\/www.graafschap-middeleeuwen.nl\/wordpress\/ondergang-van-de-graven-van-hamaland\/#Rudolf-I-Werl\">Rudolf (I) van Werl<\/a> is de uitverkorene. Of haar Werler halfneefjes <a href=\"#Bernhard-III-Werl\">Bernhard (III)<\/a> en <a href=\"#Adalbert-Emegouw\">Adalbert<\/a> en haar zoon uit een eerder huwelijk: <a href=\"https:\/\/www.graafschap-middeleeuwen.nl\/wordpress\/ekbert-ii-eenoog\/#Liudolf-III-Brunswijk\">Liudolf III van Brunswijk<\/a> ook mogen meedelen in de Verdunse buitenkans is ongewis. Het is niet rechtstreeks uit de bronnen af te leiden dat <a href=\"https:\/\/www.graafschap-middeleeuwen.nl\/wordpress\/opkomst-en-ondergang-van-hertogdom-neder-lotharingen-4\/#Gozelo-I-Neder-Lotharingen-Grote\">Gozelo I<\/a> voor Bernhard (III), Adalbert en Liudolf III in respectievelijk Emsgouw, Federgouw en Humsterland-Achtkarspelen in leenbezit heeft gehad. Naar analogie van de gang van zaken in Hunzego en Fivelgo is zoiets voorstelbaar. Jongbloeds scenario krijgt op deze website vooralsnog de voorkeur, omdat het alle acteurs in \u00e9\u00e9n drama samenbrengt.<\/p>\n\n\n\n<h2 class=\"wp-block-heading\">De erfenis verdeeld<\/h2>\n\n\n\n<p><a id=\"Erfenis\"><\/a>Links- of rechtsom, Wichman (III) en Meginhard II verdelen in 860 de erfenis onderling. De gekunstelde scheiding van grafelijk recht en goed in de Groninger Ommelanden is niet nodig. De boedelverdeling is door het invoegen van een erfdochter simpel geworden. Wichman (III) krijgt als oudste zoon het vaderlijk goed en de grafelijke rechten en Meginhard II vestigt zich in de geboortestreek van zijn moeder, zoals jongere zonen vaker doen. Moeders goed en de hierbij horende grafelijke rechten bestaan uit: Hamaland (Lijmers en IJsselgouw), Veluwe, Salland, Drenthe, Hunzego en Fivelgo. Daarmee volgt de scheidingsgrens vanaf Twente naar het noorden ongeveer de moderne Nederlandse grens. Hierdoor ontstaat een bufferzone tussen Middenrijk en Oostfranken van de Noordzee tot de Rijn. <a href=\"#Wichman-III-Wetigouw\">Wichman (III)<\/a> trouwt met <a id=\"Imhild\"><\/a>Imhild <a href=\"https:\/\/www.graafschap-middeleeuwen.nl\/genealogie\/getperson.php?personID=I5952&amp;tree=DGidME_01\" target=\"_blank\" rel=\"noopener\">\u03a8<\/a> en <a href=\"https:\/\/www.graafschap-middeleeuwen.nl\/genealogie\/descend.php?personID=I1987&amp;tree=DGidME_01&amp;display=standard&amp;generations=5\" target=\"_blank\" rel=\"noopener\">zijn nageslacht<\/a> zal de hertogen van Saksen voortbrengen. En <a href=\"https:\/\/www.graafschap-middeleeuwen.nl\/wordpress\/meginhard-ii\/\">Meginhard II<\/a> volgt zijn vader in het &#8216;Nederlandse&#8217; goed op.<\/p>\n\n\n\n<h2 class=\"wp-block-heading\">Literatuur<\/h2>\n\n\n\n<ol class=\"wp-block-list\"><li><a id=\"Noot1\"><\/a><span class=\"bron\">Traditiones <a id=\"Traditiones-1970-1\"><\/a>Corbeienses I<\/span>, Editie: K.A. Eckhardt, Studia Corbeiensia, Scientia Verlag Aalen, 1970, A\u00a718b.<br><span class=\"citaat\">&#8220;18b: Tradidit UUithmannus comes in Duncgon mansos decem. Testes: Heriman, Uuithard, Hrauuard, Adalhard, Beuo, Frederik, Hildilet, Adalrid, Dagarid, Erp, Addic, Abbo.&#8221;<br><\/span> <span class=\"auteur\">R. Wenskus<\/span>, S\u00e4chsischer Stammesadel und fr\u00e4nkischer Reichsadel, Vandenhoeck &amp; Ruprecht, G\u00f6ttingen, 1976, p242-244.<br><span class=\"auteur\">G. Althoff<\/span>, Adels- und K\u00f6nigsfamilien im Spiegel Ihrer Memorial\u00fcberlieferung, M\u00fcnstersche Mittelalter-Schriften, Bd. 47, Wilhelm Fink Verlag, Munchen, 1984, p65.<br><span class=\"auteur\">K.H. Schreiber<\/span>, <a href=\"https:\/\/www.manfred-hiebl.de\/genealogie-mittelalter\/\" target=\"_blank\" rel=\"noreferrer noopener nofollow\">Mittelalterliche Genealogie im Deutschen Reich bis zum Ende der Staufer<\/a>, <a href=\"https:\/\/www.manfred-hiebl.de\/genealogie-mittelalter\/billunger\/familie_der_billunger.html\" target=\"_blank\" rel=\"noreferrer noopener nofollow\">Billunger<\/a>, <a href=\"https:\/\/www.manfred-hiebl.de\/genealogie-mittelalter\/billunger\/hermann_2_graf_860\/hermann_2_graf_860.html\" target=\"_blank\" rel=\"noreferrer noopener nofollow\">Herman (II)<\/a>, <a href=\"https:\/\/www.manfred-hiebl.de\/genealogie-mittelalter\/billunger\/wichmann_1_graf_811\/wichmann_1_graf_811.html\" target=\"_blank\" rel=\"noreferrer noopener nofollow\">Wichmann (I)<\/a>, <a href=\"https:\/\/www.manfred-hiebl.de\/genealogie-mittelalter\/billunger\/wichmann_2_graf_im_hamaland_855\/wichmann_2_graf_im_hamaland_855.html\" target=\"_blank\" rel=\"noreferrer noopener nofollow\">Wichmann (II)<\/a>.<\/li><li><a id=\"Noot2\"><\/a><span class=\"auteur\">R. Wenskus<\/span>, 1976, p235, 246-247.<br><span class=\"auteur\">J.M. van Winter<\/span>, Het (palts)graafschap Zutphen en het Hamalandse gravenhuis, In: Bijdragen en Mededelingen Vereniging Gelre, deel XCII, Walburg Druk BV, Zutphen, 2001, p69, verwantschapstabel.<br><span class=\"auteur\">K.H. Schreiber<\/span>, <a href=\"https:\/\/www.manfred-hiebl.de\/genealogie-mittelalter\/billunger\/familie_der_billunger.html\" target=\"_blank\" rel=\"noreferrer noopener nofollow\">Billunger<\/a>, <a href=\"https:\/\/www.manfred-hiebl.de\/genealogie-mittelalter\/billunger\/bennid_1_graf_811\/bennid_1_graf_811.html\" target=\"_blank\" rel=\"noreferrer noopener nofollow\">Bennid (I)<\/a>, <a href=\"https:\/\/www.manfred-hiebl.de\/genealogie-mittelalter\/billunger\/wichmann_1_der_aeltere_graf_im_bardengau_944\/wichmann_1_der_aeltere_graf_im_bardengau_+_944.html\" target=\"_blank\" rel=\"noreferrer noopener nofollow\">Wichmann (I)<\/a>, <a href=\"https:\/\/www.manfred-hiebl.de\/genealogie-mittelalter\/billunger\/wichmann_2_graf_im_hamaland_855\/wichmann_2_graf_im_hamaland_855.html\" target=\"_blank\" rel=\"noreferrer noopener nofollow\">Wichmann (II)<\/a>.<\/li><li><a id=\"Noot3\"><\/a><span class=\"bron\">Traditiones Corbeienses I<\/span>, Editie: K.A. Eckhardt, Studia Corbeiensia, Scientia Verlag Aalen, 1970, A\u00a718b, A\u00a793 en A\u00a7122.<br><span class=\"citaat\">18b: &#8220;Tradidit UUithmannus comes in Duncgon mansos decem. Testes: Heriman, Uuithard, Hrauuard, Adalhard, Beuo, Frederik, Hildilet, Adalrid, Dagarid, Erp, Addic, Abbo.&#8221;<br><\/span> <span class=\"citaat\">93: &#8220;Tradidit Alfgerus in uice Herimanni quidquid habuit Herimannus in Dunge, mansum unum. Testes: Bado, Horit, Hoger, et alii quatuor.&#8221;<br>122: &#8220;Tradidit Redman pro remedio animae filii suis Heriman quidquid habuit in Hasbeke et in Hamershus(un). Testes: UUaldman, UUigo, Ragenheri, Haold et alii quatuor.&#8221;<\/span><br><a id=\"Wenskus-1976-3\"><\/a><span class=\"auteur\">R. Wenskus<\/span>, 1976, p242-244, 246.<br><span class=\"auteur\">E. Boshof<\/span>, K\u00f6nigtum und adelige Herrschaftsbildung am Niederrhein im 9. Und 10. Jahrhundert, In: Klever Archiv &#8211; Schriftenreihe des Stadtarchives Kleve, Selbstverlag des Stadarchives Kleve, 1983, p10-11.<br><a id=\"Winter-2001-3\"><\/a><span class=\"auteur\">J.M. van Winter<\/span>, 2001, p69-70, verwantschapstabel.<br><span class=\"citaat\">&#8220;Of deze laatste (Wichman (I), AGS) tot ons familieverband moet worden gerekend, vraag ik me af, aangezien hij optrad bij schenkingen aan de abdij Corvey aan de Weser temidden van mensen als Herman, Redman en Waldman &#8211; een door het suffix -man gekarakteriseerde familiegroep dus, die bij de Hamalanders ontbreekt en bij de Billungen maar ten dele terugkeert.&#8221;<\/span><br><span class=\"auteur\">K. van Vliet<\/span>, In kringen van kanunniken, Walburg Pers, Zutphen, 2002, p136-137, 144, 202.<br><span class=\"auteur\">L. van der Tuuk<\/span>, Noormannen in de lage landen, Omnidruk, Kampen, 2008, p90, 94-96, 100-102.<\/li><li><a id=\"Noot4\"><\/a><a href=\"https:\/\/www.mgh.de\/de\" target=\"_blank\" rel=\"noreferrer noopener nofollow\">dMGH<\/a>, <a href=\"https:\/\/www.dmgh.de\/mgh_dd_lo_i__dd_lo_ii\/index.htm#page\/(III)\/mode\/1up\" target=\"_blank\" rel=\"noreferrer noopener nofollow\">DD Lo I.\/DD Lo II,<\/a> <a href=\"https:\/\/www.dmgh.de\/mgh_dd_lo_i__dd_lo_ii\/index.htm#page\/392\/mode\/1up\" target=\"_blank\" rel=\"noreferrer noopener nofollow\">n. 7, p391<\/a>.<br><span class=\"auteur\">D.E.H. De Boer et al.<\/span>, Middeleeuwen, Martinus Nijhoff Uitgevers, Groningen, 2ed., 1995, p81-85, 235.<br><span class=\"auteur\">H. Halbertsma<\/span>, Frieslands oudheid &#8211; Het rijk van de Friese koningen, opkomst en ondergang, Uitgeverij Matrijs, Utrecht, 2000, p53, 103, 313.<br><span class=\"auteur\">A. Willemsen<\/span>, Vikingen! &#8211; Overvallen in het stroomgebied van Rijn en Maas, 800-1000, Uitgeverij Thoth, Bussum, 2004, p119. <br><span class=\"auteur\">R. Schieffer<\/span>, Die Karolinger, 3ed., Verlag W. Kohlhammer, Stuttgart, 2000, p139-144.<br><span class=\"auteur\">K.H. Schreiber<\/span>, <a href=\"https:\/\/www.manfred-hiebl.de\/mittelalter-genealogie\/mittelalter\/koenige\/daenemark\/koenige_des_koenigreiches_daenemark.html\" target=\"_blank\" rel=\"noreferrer noopener nofollow\">D\u00e4nemark<\/a>, <a href=\"https:\/\/www.manfred-hiebl.de\/mittelalter-genealogie\/mittelalter\/koenige\/daenemark\/harald_3_klak_10_koenig_844.html\" target=\"_blank\" rel=\"noreferrer noopener nofollow\">Harald III. Klak<\/a> en <a href=\"https:\/\/www.manfred-hiebl.de\/mittelalter-genealogie\/mittelalter\/koenige\/daenemark\/roerik_1_11_koenig_844.html\" target=\"_blank\" rel=\"noreferrer noopener nofollow\">R\u00f6rik I<\/a>.<br><span class=\"auteur\">E.L. Skip Knox<\/span>, <a href=\"https:\/\/the-orb.arlima.net\/index.html\" target=\"_blank\" rel=\"noreferrer noopener nofollow\">The Orb<\/a> &#8211; Textbooks, <a href=\"https:\/\/the-orb.arlima.net\/textbooks\/westciv\/civindex.html\" target=\"_blank\" rel=\"noreferrer noopener nofollow\">Western Civilizations<\/a>, <a href=\"https:\/\/the-orb.arlima.net\/textbooks\/westciv\/10thcent.html\" target=\"_blank\" rel=\"noreferrer noopener nofollow\">The Tenth Century<\/a>.<span class=\"auteur\"><\/span><\/li><li><span class=\"bron\"><a id=\"Noot5\"><\/a>OGZ<\/span>, nr. 45.<br><span class=\"auteur\">K.H. Schreiber<\/span>, <a href=\"https:\/\/www.manfred-hiebl.de\/genealogie-mittelalter\/billunger\/hermann_2_graf_860\/hermann_2_graf_860.html\" target=\"_blank\" rel=\"noreferrer noopener nofollow\">Herman (II)<\/a>.<\/li><li><span class=\"auteur\"><a id=\"Noot6\"><\/a>P. Leidinger<\/span>, Untersuchungen zur Geschichte der Grafen von Werl, Verein f\u00fcr Geschichte und Altertumskunde Westfalens Abteilung Paderborn, Paderborn, 1965, p96.<br><span class=\"auteur\">D.C. Jackman<\/span>, A Greco-Roman Onomastic Fund, In: Onomastique et Parente dans l&#8217;Occident medieval, Prosopographica et Genealogica, vol. 3, Unit for Prosopographical Research, Oxford, 2000, p30, 53.<br><a id=\"Winter-2001-6\"><\/a><span class=\"auteur\">J.M. van Winter<\/span>, 2001, p68-69, verwantschapstabel.<br><a id=\"Balzer-2006-6\"><\/a><span class=\"auteur\">E. Balzer<\/span>, Adel &#8211; Kirche &#8211; Stiftung Studien zur Geschichte des Bistums M\u00fcnster im 11. Jahrhundert, Aschendorff Verlag, Munster, 2006, p298-305.<br><a id=\"Jackman-Website-6\"><\/a><span class=\"auteur\">D.C. Jackman<\/span>,  German Counties. (momenteel <em>offline<\/em>).<br><span class=\"citaat\">&#8220;In 1040 the count of Fivelgau was Rudolf, a member of the Westphalian house of Werl. Despite attempts to document the presence of the counts of Werl in East Frisia at an earlier date, it appears that Rudolf married a daughter of Godfrey the Prisoner and so came to hold jurisdiction in Fivelgau.&#8221;<\/span><br><span class=\"auteur\">K.H. Schreiber<\/span>, <a href=\"https:\/\/www.manfred-hiebl.de\/genealogie-mittelalter\/brunonen_sippe\/familie_der_brunonen.html\" target=\"_blank\" rel=\"noreferrer noopener nofollow\">Brunonen<\/a>, <a href=\"https:\/\/www.manfred-hiebl.de\/genealogie-mittelalter\/brunonen_sippe\/ekbert_1_graf_von_braunschweig_1068\/ekbert_1_graf_von_braunschweig_+_1068.html\" target=\"_blank\" rel=\"noreferrer noopener nofollow\">Ekbert I<\/a>, <a href=\"https:\/\/www.manfred-hiebl.de\/genealogie-mittelalter\/brunonen_sippe\/ekbert_2_graf_von_braunschweig_1090\/ekbert_2_graf_von_braunschweig_+_1090.html\" target=\"_blank\" rel=\"noreferrer noopener nofollow\">Ekbert II<\/a>.<\/li><li><span class=\"auteur\"><a id=\"Noot7\"><\/a>P. Leidinger<\/span>, Untersuchungen zur Geschichte der Grafen von Werl, Verein f\u00fcr Geschichte und Altertumskunde Westfalens Abteilung Paderborn, Paderborn, 1965, p96-97.<br><span class=\"citaat\">&#8220;Kein Zweifel kann sein, da\u00df der Komitat Rudolfs von Werl das gesamte Groningerland einnahm, also den Hunse- und Fivelgau, zumal die Ertr\u00e4ge seiner Grafschaft doppelt so hoch waren wie die aus die \u00fcbrigen Komitaten.&#8221;<\/span><br><a id=\"Jongbloed-2006-7\"><\/a><span class=\"auteur\">H.H. Jongbloed<\/span>, Tussen &#8216;paltsverhaal&#8217; en &#8216;IJssellinie&#8217; &#8211; Averarda &#8216;van Zutphen&#8217; (\u202011 augustus [961]) en de geboorte van de graafschappen Zutphen en Gelre (1026-1046), In: Bijdragen en Mededelingen Vereniging Gelre, Historisch Jaarboek voor Gelderland, Vereniging Gelre, Arnhem, 2006, p104-108.<br><span class=\"auteur\">K.H. Schreiber<\/span>, <a href=\"https:\/\/www.manfred-hiebl.de\/genealogie-mittelalter\/\" target=\"_blank\" rel=\"noreferrer noopener nofollow\">Mittelalterliche Genealogie im Deutschen Reich bis zum Ende der Staufer<\/a>, <a href=\"https:\/\/www.manfred-hiebl.de\/genealogie-mittelalter\/werl_grafen_von\/familie_der_grafen_von_werl.html\" target=\"_blank\" rel=\"noreferrer noopener nofollow\">Werl<\/a>, <a href=\"https:\/\/www.manfred-hiebl.de\/genealogie-mittelalter\/werl_grafen_von\/rudolf_graf_von_werl_um_1044\/rudolf_graf_von_werl_+_um_1044.html\" target=\"_blank\" rel=\"noreferrer noopener nofollow\">Rudolf<\/a>.<\/li><\/ol>\n\n\n\n<p>Gegeven in den jair ons Heren, doen men screeff MM ende I op Tweeden Pinksterendach.<\/p>\n","protected":false},"excerpt":{"rendered":"<p>Graaf van Hamaland Van voorname Saksische afkomst Wichman (of Wigman) (II) \u03a8 stamt waarschijnlijk uit een aanzienlijk gravengeslacht, dat in de literatuur bekend staat als de pre-Billungers. Dit doet een afkomst uit Saksen vermoeden, want de Billungers leveren sinds 936 in een ononderbroken mannelijke linie tot 1105 de hertogen van Saksen.<\/p>\n","protected":false},"author":1,"featured_media":482,"parent":0,"menu_order":18,"comment_status":"closed","ping_status":"closed","template":"","meta":{"footnotes":""},"class_list":["post-484","page","type-page","status-publish","has-post-thumbnail","hentry"],"_links":{"self":[{"href":"https:\/\/www.graafschap-middeleeuwen.nl\/wordpress\/wp-json\/wp\/v2\/pages\/484","targetHints":{"allow":["GET"]}}],"collection":[{"href":"https:\/\/www.graafschap-middeleeuwen.nl\/wordpress\/wp-json\/wp\/v2\/pages"}],"about":[{"href":"https:\/\/www.graafschap-middeleeuwen.nl\/wordpress\/wp-json\/wp\/v2\/types\/page"}],"author":[{"embeddable":true,"href":"https:\/\/www.graafschap-middeleeuwen.nl\/wordpress\/wp-json\/wp\/v2\/users\/1"}],"replies":[{"embeddable":true,"href":"https:\/\/www.graafschap-middeleeuwen.nl\/wordpress\/wp-json\/wp\/v2\/comments?post=484"}],"version-history":[{"count":85,"href":"https:\/\/www.graafschap-middeleeuwen.nl\/wordpress\/wp-json\/wp\/v2\/pages\/484\/revisions"}],"predecessor-version":[{"id":8443,"href":"https:\/\/www.graafschap-middeleeuwen.nl\/wordpress\/wp-json\/wp\/v2\/pages\/484\/revisions\/8443"}],"wp:featuredmedia":[{"embeddable":true,"href":"https:\/\/www.graafschap-middeleeuwen.nl\/wordpress\/wp-json\/wp\/v2\/media\/482"}],"wp:attachment":[{"href":"https:\/\/www.graafschap-middeleeuwen.nl\/wordpress\/wp-json\/wp\/v2\/media?parent=484"}],"curies":[{"name":"wp","href":"https:\/\/api.w.org\/{rel}","templated":true}]}}